{"id":8267,"date":"2019-12-23T13:27:18","date_gmt":"2019-12-23T12:27:18","guid":{"rendered":"http:\/\/vrteckonjice.splet.arnes.si\/?page_id=8267"},"modified":"2019-12-31T11:33:36","modified_gmt":"2019-12-31T10:33:36","slug":"ige-2018-predstavitve","status":"publish","type":"page","link":"https:\/\/vrtec-konjice.si\/?page_id=8267","title":{"rendered":"IGE 2018: Predstavitve"},"content":{"rendered":"<p>[et_pb_section bb_built=&#8221;1&#8243; admin_label=&#8221;section&#8221;][et_pb_row admin_label=&#8221;row&#8221;][et_pb_column type=&#8221;4_4&#8243;][et_pb_text admin_label=&#8221;Text&#8221; background_layout=&#8221;light&#8221; text_orientation=&#8221;center&#8221; header_font_size=&#8221;26px&#8221; header_font_size_last_edited=&#8221;off|desktop&#8221; background_color=&#8221;#54b15e&#8221; use_border_color=&#8221;off&#8221; border_color=&#8221;#ffffff&#8221; border_style=&#8221;solid&#8221; custom_padding=&#8221;25px|30px|15px|30px&#8221; header_text_color=&#8221;#ffffff&#8221;]<\/p>\n<h1>IGE 2019<\/h1>\n<p>[\/et_pb_text][et_pb_text admin_label=&#8221;Text&#8221; background_layout=&#8221;light&#8221; text_orientation=&#8221;left&#8221; use_border_color=&#8221;off&#8221; border_color=&#8221;#ffffff&#8221; border_style=&#8221;solid&#8221;]<\/p>\n<h3 style=\"margin-bottom: 0\"><span style=\"color: #2a9f35;font-size: x-large\"><strong>Predstavitve na mednarodni konferenci 2019<br \/>\n<\/strong><\/span><\/h3>\n<h4 style=\"margin-top: 20px;margin-bottom: 30px\"><strong>1. DAN &#8211; 22. november 2019, Vrtec Polj\u010dane<br \/>\n<\/strong><\/h4>\n<h4 style=\"margin-bottom: 20px\"><strong>PREDSTAVITVE IN PREDAVANJA:<br \/>\n<\/strong><\/h4>\n<p><strong>Dr. Darja Piciga<\/strong>, soustanoviteljica in vodja, Dr\u017eavljanska pobuda za Integralno zeleno Slovenijo, Slovenija, Evropa:<br \/>\n<span style=\"color: #2a9f35\"><a style=\"color: #2a9f35;text-decoration: underline\" href=\"http:\/\/vrteckonjice.splet.arnes.si\/files\/2019\/12\/01-IGE-2019-Piciga_22.11.2019.pdf\" target=\"_blank\">Od Integralne zelene Slovenije do Integralne zelene Evrope<\/a><\/span><\/p>\n<p><strong>Prof. Alexander Schieffer<\/strong>, soustanovitelj in direktor, Center za integralni razvoj Trans4m, \u017deneva, \u0160vica, Evropa:<br \/>\n<span style=\"color: #2a9f35\"><a style=\"color: #2a9f35;text-decoration: underline\" href=\"http:\/\/vrteckonjice.splet.arnes.si\/files\/2019\/12\/02-Schieffer-Alexander-IGE-Presentation-2019-11-17-as.pdf\" target=\"_blank\">Integralni svetovi \u2013 globalno uporabljeni = Pregled aplikacij pristopa integralnih svetov za gradnjo integralnih zelenih skupnosti in dru\u017eb<\/a><\/span><\/p>\n<p><strong>Dr.ElizabethMamukwa<\/strong>, sourednica knjige Integral Green Zimbabwe: An African Phoenix Rising, Zimbabve, Afrika:<br \/>\n<span style=\"color: #2a9f35\"><a style=\"color: #2a9f35;text-decoration: underline\" href=\"http:\/\/vrteckonjice.splet.arnes.si\/files\/2019\/12\/03-The-Vision-of-Integral-Green-Zimbabwe_Final-2.pdf\" target=\"_blank\">Vizija Integralnega zelenega Zimbabveja: Zimbabvejska \u201cSkupnostna univerza\u201d (Communiversity), Nhakanomics in pomen za Afriko<\/a><\/span><\/p>\n<p><strong>Mag. Andrej Kranjc<\/strong>, nekdanji predstavnik Slovenije pri IPCC; sodobitnik Nobelove nagrade za mir v letu 2007; nekdanji vodja TFI Tehni\u010dne podporne enote, IPCC, Slovenija:<br \/>\n<a href=\"http:\/\/vrteckonjice.splet.arnes.si\/files\/2019\/12\/04-IGE-2019-Prezentacija_AK-21Nov19-sl.pdf\" target=\"_blank\"><span style=\"color: #2a9f35;text-decoration: underline\">Globalni pogled na izzive podnebnih sprememb in prihajajo\u010da podnebna politika EU<\/span><\/a><\/p>\n<p><strong>Martina Dinkel<\/strong>, vi\u0161ja \u010dlanica, Sekem Group in Heliopolis University Cairo, Egipt, Afrika:<br \/>\n<span style=\"color: #2a9f35\"><a style=\"color: #2a9f35;text-decoration: underline\" href=\"http:\/\/vrteckonjice.splet.arnes.si\/files\/2019\/12\/05-SEKEM-Praesentation_Martina-Dinkel_Nov-2019.pdf\" target=\"_blank\">Od Sekema kot integralnega podjetja do gospodarstva ljubezni; Sekemova vizija prihodnosti in vklju\u010denost za trajnostni razvoj Egipta<\/a><\/span><\/p>\n<h4 style=\"margin-top: 30px;margin-bottom: 20px\"><strong>PREKO VIDEO-KONFERENCE:<br \/>\n<\/strong><\/h4>\n<p><strong>Dr. Anselm Adodo<\/strong>, ustanovitelj, Pax Herbals, Nigerija, Afrika:<br \/>\n<span style=\"color: #2a9f35\"><a style=\"color: #2a9f35;text-decoration: underline\" href=\"http:\/\/vrteckonjice.splet.arnes.si\/files\/2019\/12\/06-INTEGRAL-SLOVENIA-Adodo.pdf\" target=\"_blank\">Pax Herbals v Nigeriji kot integralno podjetje-v-skupnosti in primer komunitalizma, afri\u0161ke integralne gospodarske poti<\/a><\/span><\/p>\n<p><strong>Zeina Sahyoun, Mayyada Abu Jaber, Laila Abdul Majeed<\/strong>, Jordanija, Bli\u017enji vzhod<br \/>\n<strong>Zeina Sahyoun<\/strong>, Glavna direktorica za tr\u017eenje in izgradnjo skupnosti, MedLabs, Jordanija, Bli\u017enji vzhod<br \/>\n<strong>Mayyada Abu Jaber,<\/strong> Izvr\u0161na direktorica dru\u017ebe World of Letters, Jordanija, ustanoviteljica Integralnega razvojnega centra za feministi\u010dno ekonomijo, Jordanija, Bli\u017enji vzhod<br \/>\n<strong>Laila Abdul Majeed<\/strong>, vodja \u201cAl Hikma Project\u201d, Ahliyyah School for Girls (ASG) &amp; the Bishop&#8217;s School for Boys (BSA), Aman, Jordanija, Bli\u017enji vzhod:<br \/>\n<b>Na poti k integralni razlagi Jordanije kot \u201coaze stabilnosti\u201d v nemirni regiji, z navdihujo\u010dimi integralnimi zelenimi podjetni\u0161ko\u2013izobra\u017eevalno\u2013gospodarskimi primeri<\/b><\/p>\n<p><strong>Zeina Sahyoun: <\/strong><strong>MEDLABS<\/strong> :<br \/>\n<a style=\"color: #2a9f35;text-decoration: underline\" href=\"http:\/\/vrteckonjice.splet.arnes.si\/files\/2019\/12\/07A-MedLabs-ASIIL-Slovenia-II.pdf\" target=\"_blank\">ASIIL From an Integral CARE Enterprise to an Integral CARE Academy towards an Integral CARE Society<\/a><strong><br \/>\nMayyada Abu Jaber<\/strong>:<br \/>\n<a style=\"color: #2a9f35;text-decoration: underline\" href=\"http:\/\/vrteckonjice.splet.arnes.si\/files\/2019\/12\/07B-Integral-Feminine-Jordan-FICRI_Slovania-presentation-short-version-2.pdf\" target=\"_blank\">Integral Feminine Jordan<\/a><strong><br \/>\nLaila Abdul Majeed<\/strong>:<br \/>\n<a style=\"color: #2a9f35;text-decoration: underline\" href=\"http:\/\/vrteckonjice.splet.arnes.si\/files\/2019\/12\/07C-Abdul-Majeed-Laila-Slovenia-Presentation-2019-11-19-as.pdf\" target=\"_blank\">Tanweer \u2013 A Process Towards \u201cSocietal Enlightenment\u201d &amp; Arab Renaissance<\/a><\/p>\n<h4 style=\"margin-top: 30px;margin-bottom: 20px\"><strong>PREDSTAVITVE IN PREDAVANJA:<br \/>\n<\/strong><\/h4>\n<p><strong>Jasna Kri\u017enik<\/strong>, RASR, Razvojna agencija Savinjske regije, Celje, Slovenija:<br \/>\n<span style=\"color: #2a9f35\"><a style=\"color: #2a9f35;text-decoration: underline\" href=\"http:\/\/vrteckonjice.splet.arnes.si\/files\/2019\/12\/08-RASR_-IGE-PLENARNA-_SLO.pdf\" target=\"_blank\">Savinjska regija kot Integralna zelena regija: povezovanje lokalnih skupnosti, integralni impulzi in potenciali<\/a><\/span><\/p>\n<p><strong>Dr.Vinya Ariyaratne<\/strong>, predsednik, Sarvodaya Shramadana Movement, \u0160ri Lanka, Azija:<br \/>\n<span style=\"color: #2a9f35\"><a style=\"color: #2a9f35;text-decoration: underline\" href=\"http:\/\/vrteckonjice.splet.arnes.si\/files\/2019\/12\/09-From-Sustainable-Community-Development-to-Societal-Renewal-Dr-Vinya-Ariyaratne.pdf\" target=\"_blank\">Od trajnostnega razvoja skupnosti do dru\u017ebenega preporoda \u2013ustvarjalen odgovor na SDG-je<\/a><\/span><\/p>\n<p><strong>Marko Poga\u010dnik<\/strong>, Unescov umetnik za mir, Slovenija:<br \/>\n<span style=\"color: #2a9f35\"><a style=\"color: #2a9f35;text-decoration: underline\" href=\"http:\/\/vrteckonjice.splet.arnes.si\/files\/2019\/12\/10-Marko-Poga\u010dnik-predstavitev-IGE-2019.pdf\" target=\"_blank\">Ustvarjati kulturo, povezano z Gajo<\/a><\/span><\/p>\n<p><strong>Dr. Lenart \u0160kof<\/strong>, predstojnik In\u0161titutaza filozofske \u0161tudije, ZRS Koper, in Alma Mater Europaea ECM, Slovenija<br \/>\n<strong>Dr.Sh\u00e9 M. Hawke<\/strong>, In\u0161titut za mediteranske okoljske \u0161tudije, ZRS Koper:<br \/>\n<span style=\"color: #2a9f35\"><a style=\"color: #2a9f35;text-decoration: underline\" href=\"http:\/\/vrteckonjice.splet.arnes.si\/files\/2019\/12\/11-GreenSoveneNov21-2219.pdf\" target=\"_blank\">\u017diveti skozi elemente: na poti do nove ekolo\u0161ke pravi\u010dnosti in biosocialne filozofske pismenosti<\/a><\/span><\/p>\n<p><strong>Mag. Vesna Kolar Planin\u0161i\u010d<\/strong>, vodja Sektorja za strate\u0161ko presojo vplivov na okolje, Ministrstvo za okolje in prostor, in <strong>dr. Darja Piciga<\/strong>, Dr\u017eavljanska pobuda za Integralno zeleno Slovenijo, Slovenija:<br \/>\n<span style=\"color: #2a9f35\"><a style=\"color: #2a9f35;text-decoration: underline\" href=\"http:\/\/vrteckonjice.splet.arnes.si\/files\/2019\/12\/12-IGE-2019-Kolar-Piciga_22.11.2019ZADNJANOCNA.pdf\" target=\"_blank\">Pametna integracija za Integralno zeleno Evropo: mo\u017eni instrumenti in dobre prakse<\/a><\/span><\/p>\n<p><b>Toma\u017e Popovi\u0107<\/b>, ravnatelj Vrtca Slovenske Konjice, Slovenija:<br \/>\n<a style=\"color: #2a9f35;text-decoration: underline\" href=\"http:\/\/vrteckonjice.splet.arnes.si\/files\/2019\/12\/16-POPOVI\u0106-PREDSTAVITEV_IGE-2019.pdf\" target=\"_blank\">Vrtec kot gibalo lokalnega razvoja<\/a><\/p>\n<p><strong>Stanka Stegne<\/strong>, ravnateljica, Vrtec Slovenska Bistrica, in Ivana Leskovar, nekdanja ravnateljica, Vrtec Slovenska Bistrica, Slovenija:<br \/>\n<span style=\"color: #2a9f35\"><a style=\"color: #2a9f35;text-decoration: underline\" href=\"http:\/\/vrteckonjice.splet.arnes.si\/files\/2019\/12\/13-IGE_2019-urejeno_Ivana_Stanka_Klavdija.pdf\" target=\"_blank\">Iz na\u0161ih src v srca Evropejcev za trajnostno Evropo<\/a><\/span><\/p>\n<h4 style=\"margin-top: 40px;margin-bottom: 30px\"><strong>2. DAN &#8211; 23. november 2019, Vrtec \u0160pitali\u010d in okolica<br \/>\n<\/strong><\/h4>\n<h4 style=\"margin-top: 30px;margin-bottom: 20px\"><strong>PREDSTAVITVE IN PREDAVANJA:<\/strong><\/h4>\n<p><strong>Dr. Nevenka Bogataj<\/strong>, Andrago\u0161ki center Slovenije, Slovenija:<br \/>\n<span style=\"color: #2a9f35\"><a style=\"color: #2a9f35;text-decoration: underline\" href=\"http:\/\/vrteckonjice.splet.arnes.si\/files\/2019\/12\/14-Bogataj_IGE-2019_SLO-1.pdf\" target=\"_blank\">\u00bbSkupno\u00ab kot del integralnega zelenega koncepta ustvarjalno krmari med zasebnim in javnim<\/a><\/span><\/p>\n<p><strong>Tadej Slapnik<\/strong>, CEO, Tolar Hashnet Slovenija in predsedujo\u010di World Blockcha in Hub:<br \/>\nLokalno socialno podjetni\u0161tvo s skupnostnimiprogrami v turizmu in prehranska samooskrba za Integralno zeleno Evropo: primer Zadruge Konjice<\/p>\n<p><b>Mojca Veler<\/b>, Vrtec Slovenske Konjice, dislociran oddelek v KS \u0160pitali\u010d:<br \/>\n<a style=\"color: #2a9f35;text-decoration: underline\" href=\"http:\/\/vrteckonjice.splet.arnes.si\/files\/2019\/12\/VELER-IGE_2019.pdf\" target=\"_blank\">Sodelovanje v Janezovi dolini &#8211; pot k trajnostnemu razvoju<\/a><\/p>\n<p><b>Lidija Zidan\u0161ek in Klavdija Koklji\u010d<\/b>, Vrtec Slovenske Konjice, dislociran oddelek v KS \u017di\u010de:<br \/>\n<a style=\"color: #2a9f35;text-decoration: underline\" href=\"http:\/\/vrteckonjice.splet.arnes.si\/files\/2019\/12\/ZIDAN\u0160EK_KOKLJI\u010c_IGE_2019.pdf\" target=\"_blank\">Kulturna in naravna dedi\u0161\u010dina nas bogati in povezuje<\/a><\/p>\n<p><b>Darja Solina in Darja Zidan\u0161ek<\/b>, Vrtec Slovenske Konjice, dislociran oddelek v KS Jernej:<br \/>\n<a style=\"color: #2a9f35;text-decoration: underline\" href=\"http:\/\/vrteckonjice.splet.arnes.si\/files\/2019\/12\/SOLINA_ZIDAN\u0160EK_IGE_2019.pdf\" target=\"_blank\">Zanimivosti na\u0161ega kraja<\/a><\/p>\n<p><b>Andreja Lipovec in Jasna Golob<\/b>, Vrtec Slovenske Konjice, dislociran oddelek v KS Zbelovo:<br \/>\n<a style=\"color: #2a9f35;text-decoration: underline\" href=\"http:\/\/vrteckonjice.splet.arnes.si\/files\/2019\/12\/LIPOVEC_GOLOB_IGE_2019.pdf\" target=\"_blank\">Zanimive poti na\u0161e vasi <\/a><\/p>\n<p><b>Valentina Krofli\u010d<\/b>, O\u0160 Pod goro, podru\u017enica \u0160pitali\u010d:<br \/>\n<a style=\"color: #2a9f35;text-decoration: underline\" href=\"http:\/\/vrteckonjice.splet.arnes.si\/files\/2019\/12\/KROFLI\u010c_IGE_2019.pdf\" target=\"_blank\">Sodelovanje vrtca in \u0161ole: U\u010denje za \u017eivljenje<\/a><\/p>\n<p><b>Niko Laznik<\/b>, Ribniki Stranice:<br \/>\n<a style=\"color: #2a9f35;text-decoration: underline\" href=\"http:\/\/vrteckonjice.splet.arnes.si\/files\/2019\/12\/LAZNIK_IGE_2019.pdf\" target=\"_blank\">U\u010denje brez zaslona<\/a><\/p>\n<p><b>Ana Vovk Kor\u017ee, prof. Dr. dr., <\/b>Filozofska fakulteta UM:<br \/>\n<a style=\"color: #2a9f35;text-decoration: underline\" href=\"http:\/\/vrteckonjice.splet.arnes.si\/files\/2019\/12\/VOLK_KOR\u017dE_IGE-2019.pdf\" target=\"_blank\">Univerza kot povezovalec mesta s pode\u017eeljem<\/a><\/p>\n<p><b>Katja Temnik<\/b>, Zeli\u0161\u010dni vrt Majnika in <b>Ur\u0161ka Kotnik<\/b>, Vrtec Slovenske Konjice, dislociran oddelek \u0160pitali\u010d:<br \/>\nKako nam lahko Luna pomaga pri vrti\u010dkanju?<\/p>\n<p><b>Karin<\/b><b> Lavin<\/b>, Zavod Anima Mundi:<br \/>\nCelosten pristop do pokrajine<\/p>\n<p><b>Toma\u017e Popovi\u0107<\/b>, ravnatelj Vrtca Slovenske Konjice, Slovenija:<br \/>\n<a style=\"color: #2a9f35;text-decoration: underline\" href=\"http:\/\/vrteckonjice.splet.arnes.si\/files\/2019\/12\/16A-POPOVI\u0106-Vrtec-kot-gibalo-razvoja.pdf\" target=\"_blank\">Vrtec kot gibalo lokalnega razvoja (\u010dlanek)<\/a><\/p>\n<div style=\"margin-top: 40px\"><strong><a style=\"color: #2a9f35;text-decoration: underline\" href=\"http:\/\/vrtec-konjice.si\/?page_id=7661\">&lt; Ve\u010d o konferenci<\/a><\/strong><\/div>\n<div style=\"margin-top: 60px\"><a href=\"http:\/\/integralna-zelena-slovenija.si\/\" target=\"_blank\"><img loading=\"lazy\" decoding=\"async\" class=\"alignnone wp-image-7771\" style=\"margin-right: 20px\" src=\"http:\/\/vrteckonjice.splet.arnes.si\/files\/2019\/10\/integralna-zelena-slo.png\" alt=\"\" width=\"128\" height=\"50\" \/><\/a> <a href=\"http:\/\/vrtec-konjice.si\/\" target=\"_blank\"><img loading=\"lazy\" decoding=\"async\" class=\"alignnone wp-image-7779\" style=\"margin-right: 20px\" src=\"http:\/\/vrteckonjice.splet.arnes.si\/files\/2019\/10\/vrtec-slokonijce.png\" alt=\"\" width=\"49\" height=\"50\" \/><\/a> <a href=\"http:\/\/vrtec-konjice.si\/\" target=\"_blank\"><img loading=\"lazy\" decoding=\"async\" class=\"alignnone wp-image-7777\" style=\"margin-right: 20px\" src=\"http:\/\/vrteckonjice.splet.arnes.si\/files\/2019\/10\/vrtec-slobistrica.png\" alt=\"\" width=\"63\" height=\"50\" \/><\/a> <a href=\"http:\/\/www.rasr.si\" target=\"_blank\"><img loading=\"lazy\" decoding=\"async\" class=\"alignnone wp-image-7773\" style=\"margin-right: 20px\" src=\"http:\/\/vrteckonjice.splet.arnes.si\/files\/2019\/10\/ra-savinjske.png\" alt=\"\" width=\"133\" height=\"50\" \/><\/a> <a href=\"https:\/\/www.zrs-kp.si\/\" target=\"_blank\"><img loading=\"lazy\" decoding=\"async\" class=\"alignnone wp-image-7789\" style=\"margin-right: 20px\" src=\"http:\/\/vrteckonjice.splet.arnes.si\/files\/2019\/10\/zrs-koper.png\" alt=\"\" width=\"95\" height=\"50\" \/><\/a> <a href=\"http:\/\/www.trans-4-m.com\/\" target=\"_blank\"><img loading=\"lazy\" decoding=\"async\" class=\"alignnone wp-image-7775\" style=\"margin-right: 20px\" src=\"http:\/\/vrteckonjice.splet.arnes.si\/files\/2019\/10\/trans4m.png\" alt=\"\" width=\"84\" height=\"50\" \/><\/a> <a href=\"https:\/\/www.almamater.si\/\" target=\"_blank\"><img loading=\"lazy\" decoding=\"async\" class=\"alignnone wp-image-7775\" src=\"http:\/\/vrteckonjice.splet.arnes.si\/files\/2019\/11\/alma-mater.png\" alt=\"\" width=\"160\" height=\"50\" \/><\/a><\/div>\n<p>[\/et_pb_text][\/et_pb_column][\/et_pb_row][\/et_pb_section]<\/p>\n","protected":false},"excerpt":{"rendered":"<p>IGE 2019 Predstavitve na mednarodni konferenci 2019 1. DAN &#8211; 22. november 2019, Vrtec Polj\u010dane PREDSTAVITVE IN PREDAVANJA: Dr. Darja Piciga, soustanoviteljica in vodja, Dr\u017eavljanska pobuda za Integralno zeleno Slovenijo, Slovenija, Evropa: Od Integralne zelene Slovenije do Integralne zelene Evrope Prof. Alexander Schieffer, soustanovitelj in direktor, Center za integralni razvoj Trans4m, \u017deneva, \u0160vica, Evropa: Integralni [&hellip;]<\/p>\n","protected":false},"author":37725,"featured_media":0,"parent":7661,"menu_order":91,"comment_status":"closed","ping_status":"closed","template":"","meta":{"_et_pb_use_builder":"on","_et_pb_old_content":"","_et_gb_content_width":"","ngg_post_thumbnail":0,"footnotes":""},"class_list":["post-8267","page","type-page","status-publish","hentry"],"_links":{"self":[{"href":"https:\/\/vrtec-konjice.si\/index.php?rest_route=\/wp\/v2\/pages\/8267","targetHints":{"allow":["GET"]}}],"collection":[{"href":"https:\/\/vrtec-konjice.si\/index.php?rest_route=\/wp\/v2\/pages"}],"about":[{"href":"https:\/\/vrtec-konjice.si\/index.php?rest_route=\/wp\/v2\/types\/page"}],"author":[{"embeddable":true,"href":"https:\/\/vrtec-konjice.si\/index.php?rest_route=\/wp\/v2\/users\/37725"}],"replies":[{"embeddable":true,"href":"https:\/\/vrtec-konjice.si\/index.php?rest_route=%2Fwp%2Fv2%2Fcomments&post=8267"}],"version-history":[{"count":39,"href":"https:\/\/vrtec-konjice.si\/index.php?rest_route=\/wp\/v2\/pages\/8267\/revisions"}],"predecessor-version":[{"id":8271,"href":"https:\/\/vrtec-konjice.si\/index.php?rest_route=\/wp\/v2\/pages\/8267\/revisions\/8271"}],"up":[{"embeddable":true,"href":"https:\/\/vrtec-konjice.si\/index.php?rest_route=\/wp\/v2\/pages\/7661"}],"wp:attachment":[{"href":"https:\/\/vrtec-konjice.si\/index.php?rest_route=%2Fwp%2Fv2%2Fmedia&parent=8267"}],"curies":[{"name":"wp","href":"https:\/\/api.w.org\/{rel}","templated":true}]}}