{"id":7661,"date":"2019-10-19T07:09:29","date_gmt":"2019-10-19T06:09:29","guid":{"rendered":"http:\/\/vrteckonjice.splet.arnes.si\/?page_id=7661"},"modified":"2019-12-31T11:35:24","modified_gmt":"2019-12-31T10:35:24","slug":"ige-2019","status":"publish","type":"page","link":"https:\/\/vrtec-konjice.si\/?page_id=7661","title":{"rendered":"IGE 2019"},"content":{"rendered":"<p>[et_pb_section bb_built=&#8221;1&#8243; admin_label=&#8221;section&#8221; background_color=&#8221;54B15E&#8221;][et_pb_row admin_label=&#8221;row&#8221; parallax_method_1=&#8221;off&#8221;][et_pb_column type=&#8221;4_4&#8243;][et_pb_post_title admin_label=&#8221;Post Title&#8221; meta=&#8221;off&#8221; featured_image=&#8221;off&#8221; text_orientation=&#8221;center&#8221; text_color=&#8221;light&#8221; module_bg_color=&#8221;#54b15e&#8221; title_font=&#8221;|on|||&#8221; title_line_height=&#8221;1&#8243; custom_padding=&#8221;25px|30px|15px|30px&#8221; custom_padding_last_edited=&#8221;off|desktop&#8221; \/][et_pb_tabs admin_label=&#8221;Tabs&#8221; tab_font_size=&#8221;13px&#8221; use_border_color=&#8221;off&#8221; border_color=&#8221;#ffffff&#8221; border_style=&#8221;solid&#8221; custom_css_tabs_content=&#8221;padding: 40px 0 0;&#8221; custom_css_main_element=&#8221;border: none;&#8221; custom_css_tabs_controls=&#8221;background: none;||text-align: right;&#8221; custom_css_active_tab=&#8221;color: #54B15E;||border-top: 1px solid #d9d9d9;||border-left: 1px solid #d9d9d9;||border-right: 1px solid #d9d9d9;&#8221; custom_css_tab=&#8221;border: none;&#8221;] [et_pb_tab title=&#8221;Slovensko&#8221; tab_font=&#8221;||||&#8221; tab_line_height=&#8221;2em&#8221; tab_line_height_tablet=&#8221;2em&#8221; tab_line_height_phone=&#8221;2em&#8221; body_font=&#8221;||||&#8221; body_line_height_tablet=&#8221;2em&#8221; body_line_height_phone=&#8221;2em&#8221; tab_font_select=&#8221;default&#8221; body_font_select=&#8221;default&#8221; body_font_size_tablet=&#8221;13&#8243; body_font_size_phone=&#8221;13&#8243; body_line_height=&#8221;2em&#8221;]<\/p>\n<h4><strong>5. mednarodna konferenca<\/strong><\/h4>\n<h3><span style=\"color: #2a9f35;font-size: x-large\"><strong>INTEGRALNO ZELENO GOSPODARSTVO ZA BOLJ\u0160I SVET<\/strong><\/span><\/h3>\n<h4 style=\"margin-bottom: 30px\"><strong>Polj\u010dane, \u0160pitali\u010d in \u017di\u010dka kartuzija, 22. \u2013 24. novembra 2019<\/strong><\/h4>\n<p>22. \u2013 24. novembra bo v Polj\u010danah, \u0160pitali\u010du in \u017di\u010dki kartuziji potekal edinstven dogodek v evropskih in svetovnih prizadevanjih za trajnostni razvoj. <strong>Konferenco o prihodnosti Evrope v nemirnem svetu, s poudarkom na integraciji potencialov za trajnostno pot,<\/strong> organiziramo Dr\u017eavljanska pobuda za Integralno zeleno Slovenijo, Center za integralni razvoj Trans4m iz \u017deneve, Vrtec Otona \u017dupan\u010di\u010da Slovenska Bistrica, Vrtec Slovenske Konjice in Razvojna agencija Savinjske regije, v sodelovanju z ve\u010d drugimi institucijami in organizacijami.<\/p>\n<p>Mednarodna konferenca 22. \u2013 23. novembra se bo skupaj s spremljajo\u010dim programom (24. 11.) odvijala okrog naslednjih tem in vsebinskih sklopov:<\/p>\n<ul style=\"line-height: 1.7em\">\n<li style=\"margin-bottom: 10px\">Integralna zelena Evropa kot celosten pristop za udejanjanje nove agende za Evropo.<\/li>\n<li style=\"margin-bottom: 10px\">Integralni pristopi v Afriki, na Bli\u017enjem vzhodu in v Aziji, obetavna pot trajnostnega razvoja za blaginjo vseh, ki naj bo podprta prek razvojnega sodelovanja z Evropsko unijo, lahko pa tudi obogatijo izobra\u017eevanje in usposabljanje migrantov iz teh regij.<\/li>\n<li>Slovenija kot pilotna de\u017eela integralnega zelenega gospodarstva in dru\u017ebe \u2013 pristop, ki ga \u017eivimo in razvijamo v razli\u010dnih skupnostih in organizacijah.<\/li>\n<\/ul>\n<p>5. mednarodna konferenca Integralno zeleno gospodarstvo za bolj\u0161i svet je namenjena socialnim inovatorjem z razli\u010dnih podro\u010dij in razli\u010dnih sektorjev (od globalnih izzivov do razvoja regij in lokalnih skupnosti ter vzgoje in izobra\u017eevanja), vklju\u010dujo\u010d odlo\u010devalce in oblikovalce razvojnih politik. Potekala bo v prostorih Vrtca Polj\u010dane, Dravinjska cesta 28 (22. 11.), Vrtca \u0160pitali\u010d, \u0160pitali\u010d pri Slov. Konjicah 2 (23. 11.), v \u0160pitali\u010du in v \u017di\u010dki kartuziji (24. 11.). Zasnovana je na leta 2016 izdani knjigi <span style=\"color: #54b15e\"><a style=\"color: #54b15e;text-decoration: underline\" href=\"http:\/\/www.trans-4-m.com\/integral-green-book-series\/integral-green-slovenia-2\/\" target=\"_blank\">Integral Green Slovenia<\/a><\/span>, na aktualni predstavitvi integralnega pristopa v sloven\u0161\u010dini (<span style=\"color: #54b15e;text-decoration: underline\"><a style=\"color: #54b15e\" href=\"http:\/\/integralna-zelena-slovenija.si\/integralna-serija\/\" target=\"_blank\">Integralna serija<\/a><\/span>) in na predhodnih dogodkih na temo integralne zelene tehnologije in dru\u017ebe. Sodelovalo bo tudi ve\u010d strokovnjakov mednarodnega centra Trans4m.<\/p>\n<p>Ve\u010d informacij o dogodku v <span style=\"color: #54b15e\"><a style=\"color: #54b15e;text-decoration: underline\" href=\"http:\/\/vrteckonjice.splet.arnes.si\/files\/2019\/11\/IGE2019_Vabilo-in-program_2019_11_17-1.pdf\" target=\"_blank\">napovedi<\/a><\/span>. Konferenca bo potekala v sloven\u0161\u010dini, z zagotovljenim prevodom v angle\u0161\u010dino.<\/p>\n<p><strong><a style=\"color: #2a9f35;text-decoration: underline\" href=\"http:\/\/vrtec-konjice.si\/?page_id=8267\">Predstavitve s konference &gt;<\/a><\/strong><\/p>\n<p><strong><a style=\"color: #2a9f35;text-decoration: underline\" href=\"http:\/\/www.trans-4-m.com\/milestone-for-the-integral-green-slovenia-movement-5th-international-conference-for-an-integral-green-economy-took-place-in-three-slovenian-venues-poljcane-spitalic-zice-charterhouse\/\" target=\"_blank\">Novica o konferenci na spletni strani Trans4m &gt;<\/a><\/strong><\/p>\n<p><a class=\"big-button\" style=\"background: #54b15e;color: white;line-height: 46px;padding: 0 15px;margin-top: 30px\" href=\"http:\/\/vrteckonjice.splet.arnes.si\/files\/2019\/12\/IGE2019_Vabilo-in-program_2019_11_23.pdf\" target=\"_blank\">Napoved dogodka IGE 2019<\/a><\/p>\n<p><a class=\"big-button\" style=\"background: #54b15e;color: white;line-height: 46px;padding: 0 15px\" href=\"http:\/\/vrteckonjice.splet.arnes.si\/files\/2019\/11\/IGE2019_InvitationProgram_2019_11_17.pdf\" target=\"_blank\">IGE 2019 Conference announcement<\/a> <em><span style=\"color: #999999\">(v angle\u0161\u010dini)<\/span><\/em><\/p>\n<h5 style=\"margin-top: 30px\"><strong>Kaj je namen konference? <\/strong><\/h5>\n<ul style=\"line-height: 1.7em\">\n<li style=\"margin-bottom: 10px\">Konferenca o prihodnosti Evrope v nemirnem svetu, s poudarkom na integraciji potencialov za trajnostno pot, je namenjena predstavitvi zamisli o Evropi kot integralnem zelenem gospodarstvu in dru\u017ebi.<\/li>\n<li style=\"margin-bottom: 10px\">Prepoznati integralni pristop v Afriki, na Bli\u017enjem vzhodu in v Aziji kot obetavno pot trajnostnega razvoja za blaginjo vseh, ki naj bo podprta tudi v okviru razvojnega sodelovanja EU in lahko navdihuje opolnomo\u010denje migrantov za trajnostni razvoj.<\/li>\n<li style=\"margin-bottom: 20px\">Nadaljnji razvoj trajnostnih modelov organizacij, skupnosti, ob\u010din in regij v Sloveniji.<\/li>\n<\/ul>\n<h5><strong>Kaj so cilji konference?<\/strong><\/h5>\n<ul style=\"line-height: 1.7em\">\n<li style=\"margin-bottom: 10px\">Upo\u0161tevati paradigmo integralnih svetov pri razre\u0161evanju globalnih izzivov na razli\u010dnih ravneh (posamezniki-skupnosti-organizacije-dru\u017ebe) in kot obetavno teoreti\u010dno podlago za Agendo 2030.<\/li>\n<li style=\"margin-bottom: 10px\">Ponuditi celovit teoreti\u010den model zelenega gospodarstva in dru\u017ebe, ponazorjen s primeri odli\u010dnih praks, kot konceptualni okvir tako za razvoj trajnostnih lokalnih in regionalnih politik in praks kot za model Integralne zelene Evrope.<\/li>\n<li style=\"margin-bottom: 10px\">Prikazati potenciale in pri\u010dakovane koristi celostnega pristopa zelenega gospodarstva in dru\u017ebe &#8211; ponazorjene z obetajo\u010dimi prakti\u010dnimi primeri &#8211; za re\u0161evanje izzivov trajnostnega razvoja v Afriki, na Bli\u017enjem vzhodu in v Aziji, in ki jih je mogo\u010de spodbujati tudi prek razvojnega sodelovanja z Evropsko unijo, lahko pa tudi obogatijo izobra\u017eevanje in usposabljanje migrantov iz teh regij.<\/li>\n<li style=\"margin-bottom: 10px\">Predstaviti in okrepiti Slovenijo kot pilotno dr\u017eavo za integralno zeleno gospodarstvo in dru\u017ebo, zlasti kot mo\u017eni prostor u\u010denja za trajnostni razvoj.<\/li>\n<li style=\"margin-bottom: 20px\">Ponuditi mo\u017enosti za nadaljnje sodelovanje, raziskovanje in mre\u017eenje, tako v slovenskem okviru kot mednarodno, zlasti z globalno mre\u017eo Trans4m.<\/li>\n<\/ul>\n<h5><strong>Komu je namenjena?<\/strong><\/h5>\n<div style=\"margin-bottom: 50px\">5. mednarodna konferenca Integralno zeleno gospodarstvo za bolj\u0161i svet je namenjena socialnim inovatorjem, ki za trajnostne cilje delujejo na razli\u010dnih podro\u010djih in v razli\u010dnih sektorjih: od globalnih izzivov do razvoja regij in lokalnih skupnosti ter vzgoje in izobra\u017eevanja. Nova spoznanja in prakti\u010dni modeli bodo relevantni tudi za odlo\u010devalce in oblikovalce razvojnih politik, \u0161e posebej pri razmisleku o prihodnosti Evrope v nemirnem svetu.<\/div>\n<p><a href=\"http:\/\/integralna-zelena-slovenija.si\/\" target=\"_blank\"><img loading=\"lazy\" decoding=\"async\" class=\"alignnone wp-image-7771\" style=\"margin-right: 20px\" src=\"http:\/\/vrteckonjice.splet.arnes.si\/files\/2019\/10\/integralna-zelena-slo.png\" alt=\"\" width=\"128\" height=\"50\" \/><\/a> <a href=\"http:\/\/vrtec-konjice.si\/\" target=\"_blank\"><img loading=\"lazy\" decoding=\"async\" class=\"alignnone wp-image-7779\" style=\"margin-right: 20px\" src=\"http:\/\/vrteckonjice.splet.arnes.si\/files\/2019\/10\/vrtec-slokonijce.png\" alt=\"\" width=\"49\" height=\"50\" \/><\/a> <a href=\"http:\/\/vrtec-konjice.si\/\" target=\"_blank\"><img loading=\"lazy\" decoding=\"async\" class=\"alignnone wp-image-7777\" style=\"margin-right: 20px\" src=\"http:\/\/vrteckonjice.splet.arnes.si\/files\/2019\/10\/vrtec-slobistrica.png\" alt=\"\" width=\"63\" height=\"50\" \/><\/a> <a href=\"http:\/\/www.rasr.si\" target=\"_blank\"><img loading=\"lazy\" decoding=\"async\" class=\"alignnone wp-image-7773\" style=\"margin-right: 20px\" src=\"http:\/\/vrteckonjice.splet.arnes.si\/files\/2019\/10\/ra-savinjske.png\" alt=\"\" width=\"133\" height=\"50\" \/><\/a> <a href=\"https:\/\/www.zrs-kp.si\/\" target=\"_blank\"><img loading=\"lazy\" decoding=\"async\" class=\"alignnone wp-image-7789\" style=\"margin-right: 20px\" src=\"http:\/\/vrteckonjice.splet.arnes.si\/files\/2019\/10\/zrs-koper.png\" alt=\"\" width=\"95\" height=\"50\" \/><\/a> <a href=\"http:\/\/www.trans-4-m.com\/\" target=\"_blank\"><img loading=\"lazy\" decoding=\"async\" class=\"alignnone wp-image-7775\" style=\"margin-right: 20px\" src=\"http:\/\/vrteckonjice.splet.arnes.si\/files\/2019\/10\/trans4m.png\" alt=\"\" width=\"84\" height=\"50\" \/><\/a> <a href=\"https:\/\/www.almamater.si\/\" target=\"_blank\"><img loading=\"lazy\" decoding=\"async\" class=\"alignnone wp-image-7775\" src=\"http:\/\/vrteckonjice.splet.arnes.si\/files\/2019\/11\/alma-mater.png\" alt=\"\" width=\"160\" height=\"50\" \/><\/a><\/p>\n<p>[\/et_pb_tab][et_pb_tab title=&#8221;English&#8221; tab_font=&#8221;||||&#8221; tab_line_height=&#8221;2em&#8221; tab_line_height_tablet=&#8221;2em&#8221; tab_line_height_phone=&#8221;2em&#8221; body_font=&#8221;||||&#8221; body_line_height_tablet=&#8221;2em&#8221; body_line_height_phone=&#8221;2em&#8221; tab_font_select=&#8221;default&#8221; body_font_select=&#8221;default&#8221; body_font_size_tablet=&#8221;13&#8243; body_font_size_phone=&#8221;13&#8243; body_line_height=&#8221;2em&#8221;]<\/p>\n<h4><strong>5<sup>th<\/sup> International Conference<\/strong><\/h4>\n<h3><span style=\"color: #2a9f35;font-size: x-large\"><strong>INTEGRAL GREEN ECONOMY FOR A BETTER WORLD<\/strong><\/span><\/h3>\n<h4 style=\"margin-bottom: 30px\"><strong>Polj\u010dane &amp; \u0160pitali\u010d &amp; \u017di\u010de Charterhouse, Slovenia, 22 &#8211; 24 November 2019<\/strong><\/h4>\n<p>A unique event in the framework of European and global endeavours for sustainable development will take place on 22 &#8211; 24 November 2019 in Polj\u010dane, in \u0160pitali\u010d\u00a0 and in \u017di\u010de Charterhouse, Slovenia. The Citizens\u2019 Initiative for an Integral Green Slovenia, Trans4m Center for Integral Development from Geneva, Kindergarten Slovenska Bistrica, Kindergarten Slovenske Konjice and Development Agency of Savinjska Region, together with many other organisations and institutions, would like to invite social innovators from various areas, including policy and decision makers, to join the <strong>5<sup>th<\/sup> International Conference<\/strong> <strong>Integral Green Economy for a Better World (IGE 2019) <\/strong>with the title <strong>The Future of Europe in a Turbulent World: Integrating Perspectives and Actualising Potentials on a Path of Sustainability<\/strong><strong>.<\/strong><\/p>\n<p>The international event will evolve around three main topics:<\/p>\n<ul style=\"line-height: 1.7em\">\n<li style=\"margin-bottom: 10px\">Integral Green Europe as a holistic approach for implementing the new agenda for Europe.<\/li>\n<li style=\"margin-bottom: 10px\">Integral approaches in Africa, Middle East and Asia, a Promising Path for Sustainable Development and Well-Being of All \u2013 to be supported through development cooperation with Europe and as a valuable enrichment of education and training for migrants.<\/li>\n<li>Slovenia as a pilot country of integral green economy and society \u2013 the approach we live and develop in different communities and organizations.<\/li>\n<\/ul>\n<p>The conference will take place in the premises of Kindergarten Polj\u010dane, Dravinjska cesta 28, Polj\u010dane (22 November) and of Kindergarten \u0160pitali\u010d, \u0160pitali\u010d pri Slov. Konjicah 2 (23 November), in the village \u0160pitali\u010d and in \u017di\u010de Charterhouse (24 November). It follows the previous conferences on Integral Green Economy in Slovenia and the release of the Gower and Routledge volume <a style=\"color: #54b15e;text-decoration: underline\" href=\"http:\/\/www.trans-4-m.com\/integral-green-book-series\/integral-green-slovenia-2\/\" target=\"_blank\">Integral Green Slovenia<\/a> in June 2016.<\/p>\n<p>In addition to presentations of authors of the Integral Green Slovenia book and other innovators for sustainable development from Slovenia, participants from international TRANS4M community will be actively sharing applications of the integral approach in Africa, Middle East and Asia.<\/p>\n<p>More information in the <a style=\"color: #54b15e;text-decoration: underline\" href=\"http:\/\/vrteckonjice.splet.arnes.si\/files\/2019\/11\/IGE2019_InvitationProgram_2019_11_17.pdf\" target=\"_blank\">Conference Invitation &amp; Programme<\/a>.<\/p>\n<p><strong><a style=\"color: #2a9f35;text-decoration: underline\" href=\"http:\/\/www.trans-4-m.com\/milestone-for-the-integral-green-slovenia-movement-5th-international-conference-for-an-integral-green-economy-took-place-in-three-slovenian-venues-poljcane-spitalic-zice-charterhouse\/\" target=\"_blank\">News about the conference on the Trans4m website &gt;<\/a><\/strong><\/p>\n<p><a class=\"big-button\" style=\"background: #54b15e;color: white;line-height: 46px;padding: 0 15px;margin-top: 30px\" href=\"http:\/\/vrteckonjice.splet.arnes.si\/files\/2019\/11\/IGE2019_InvitationProgram_2019_11_17.pdf\" target=\"_blank\">Conference announcement of the IGE 2018<\/a><\/p>\n<div style=\"margin-top: 50px\"><a href=\"http:\/\/integralna-zelena-slovenija.si\/en\" target=\"_blank\"><img loading=\"lazy\" decoding=\"async\" class=\"alignnone wp-image-7771\" style=\"margin-right: 20px\" src=\"http:\/\/vrteckonjice.splet.arnes.si\/files\/2019\/10\/integralna-zelena-slo.png\" alt=\"\" width=\"117\" height=\"50\" \/><\/a> <a href=\"http:\/\/vrtec-konjice.si\/\" target=\"_blank\"><img loading=\"lazy\" decoding=\"async\" class=\"alignnone wp-image-7779\" style=\"margin-right: 20px\" src=\"http:\/\/vrteckonjice.splet.arnes.si\/files\/2019\/10\/vrtec-slokonijce.png\" alt=\"\" width=\"49\" height=\"50\" \/><\/a> <a href=\"http:\/\/vrtec-konjice.si\/\" target=\"_blank\"><img loading=\"lazy\" decoding=\"async\" class=\"alignnone wp-image-7777\" style=\"margin-right: 20px\" src=\"http:\/\/vrteckonjice.splet.arnes.si\/files\/2019\/10\/vrtec-slobistrica.png\" alt=\"\" width=\"63\" height=\"50\" \/><\/a> <a href=\"http:\/\/www.rasr.si\" target=\"_blank\"><img loading=\"lazy\" decoding=\"async\" class=\"alignnone wp-image-7773\" style=\"margin-right: 20px\" src=\"http:\/\/vrteckonjice.splet.arnes.si\/files\/2019\/10\/ra-savinjske.png\" alt=\"\" width=\"133\" height=\"50\" \/><\/a> <a href=\"https:\/\/www.zrs-kp.si\/\" target=\"_blank\"><img loading=\"lazy\" decoding=\"async\" class=\"alignnone wp-image-7789\" style=\"margin-right: 20px\" src=\"http:\/\/vrteckonjice.splet.arnes.si\/files\/2019\/10\/zrs-koper.png\" alt=\"\" width=\"95\" height=\"50\" \/><\/a> <a href=\"http:\/\/www.trans-4-m.com\/\" target=\"_blank\"><img loading=\"lazy\" decoding=\"async\" class=\"alignnone wp-image-7775\" style=\"margin-right: 20px\" src=\"http:\/\/vrteckonjice.splet.arnes.si\/files\/2019\/10\/trans4m.png\" alt=\"\" width=\"84\" height=\"50\" \/><\/a> <a href=\"https:\/\/www.almamater.si\/\" target=\"_blank\"><img loading=\"lazy\" decoding=\"async\" class=\"alignnone wp-image-7775\" src=\"http:\/\/vrteckonjice.splet.arnes.si\/files\/2019\/11\/alma-mater.png\" alt=\"\" width=\"160\" height=\"50\" \/><\/a><\/div>\n<p>[\/et_pb_tab] [\/et_pb_tabs][\/et_pb_column][\/et_pb_row][\/et_pb_section]<\/p>\n","protected":false},"excerpt":{"rendered":"<p>5. mednarodna konferenca INTEGRALNO ZELENO GOSPODARSTVO ZA BOLJ\u0160I SVET Polj\u010dane, \u0160pitali\u010d in \u017di\u010dka kartuzija, 22. \u2013 24. novembra 2019 22. \u2013 24. novembra bo v Polj\u010danah, \u0160pitali\u010du in \u017di\u010dki kartuziji potekal edinstven dogodek v evropskih in svetovnih prizadevanjih za trajnostni razvoj. Konferenco o prihodnosti Evrope v nemirnem svetu, s poudarkom na integraciji potencialov za trajnostno [&hellip;]<\/p>\n","protected":false},"author":37725,"featured_media":0,"parent":0,"menu_order":9,"comment_status":"closed","ping_status":"closed","template":"","meta":{"_et_pb_use_builder":"on","_et_pb_old_content":"","_et_gb_content_width":"","ngg_post_thumbnail":0,"footnotes":""},"class_list":["post-7661","page","type-page","status-publish","hentry"],"_links":{"self":[{"href":"https:\/\/vrtec-konjice.si\/index.php?rest_route=\/wp\/v2\/pages\/7661","targetHints":{"allow":["GET"]}}],"collection":[{"href":"https:\/\/vrtec-konjice.si\/index.php?rest_route=\/wp\/v2\/pages"}],"about":[{"href":"https:\/\/vrtec-konjice.si\/index.php?rest_route=\/wp\/v2\/types\/page"}],"author":[{"embeddable":true,"href":"https:\/\/vrtec-konjice.si\/index.php?rest_route=\/wp\/v2\/users\/37725"}],"replies":[{"embeddable":true,"href":"https:\/\/vrtec-konjice.si\/index.php?rest_route=%2Fwp%2Fv2%2Fcomments&post=7661"}],"version-history":[{"count":75,"href":"https:\/\/vrtec-konjice.si\/index.php?rest_route=\/wp\/v2\/pages\/7661\/revisions"}],"predecessor-version":[{"id":8427,"href":"https:\/\/vrtec-konjice.si\/index.php?rest_route=\/wp\/v2\/pages\/7661\/revisions\/8427"}],"wp:attachment":[{"href":"https:\/\/vrtec-konjice.si\/index.php?rest_route=%2Fwp%2Fv2%2Fmedia&parent=7661"}],"curies":[{"name":"wp","href":"https:\/\/api.w.org\/{rel}","templated":true}]}}